{"id":39,"date":"2013-01-28T21:47:24","date_gmt":"2013-01-28T20:47:24","guid":{"rendered":"http:\/\/orthopaedie-kulmbach.de\/?page_id=39"},"modified":"2019-01-09T16:39:33","modified_gmt":"2019-01-09T15:39:33","slug":"sprechzeiten-und-kontakt","status":"publish","type":"page","link":"http:\/\/orthopaedie-kulmbach.de\/?page_id=39","title":{"rendered":"Sprechzeiten und Kontakt"},"content":{"rendered":"<p><strong>Sprechzeiten:<\/strong><\/p>\n<table style=\"width: 584px; height: 234px;\" summary=\"Sprechzeiten\" cellspacing=\"0\">\n<tbody>\n<tr>\n<td><span style=\"font-size: 12px;\">Montag\u00a0\u00a0\u00a0\u00a0\u00a0\u00a0\u00a0\u00a0\u00a0\u00a0 08:30 &#8211; 12:30 Uhr\u00a0 | 14:00 &#8211; 16:00 Uhr<\/span><\/td>\n<td><\/td>\n<\/tr>\n<tr>\n<td><span style=\"font-size: 12px;\">Dienstag\u00a0\u00a0\u00a0\u00a0\u00a0 \u00a0 08:30 &#8211; 12:30 Uhr\u00a0 | 16:00\u00a0 &#8211; 18:30 Uhr<\/span><\/td>\n<td><\/td>\n<\/tr>\n<tr>\n<td><span style=\"font-size: 12px;\">Mittwoch\u00a0\u00a0\u00a0\u00a0\u00a0\u00a0 08:30 &#8211; 13:00 Uhr<\/span><\/td>\n<td><\/td>\n<\/tr>\n<tr>\n<td><span style=\"font-size: 12px;\">Donnerstag\u00a0\u00a0\u00a0 08:30 &#8211; 12:30 Uhr\u00a0 |\u00a0 14:00 &#8211; 16:00 Uhr<\/span><\/td>\n<td><\/td>\n<\/tr>\n<tr>\n<td><span style=\"font-size: 12px;\">Freitag\u00a0\u00a0\u00a0\u00a0\u00a0\u00a0\u00a0\u00a0 \u00a0\u00a0 08:30 &#8211; 13:00 Uhr<\/span><span style=\"font-size: 12px;\"><br \/>\n<\/span><\/td>\n<td><\/td>\n<\/tr>\n<tr>\n<td><span style=\"font-size: 12px;\">Und nach Vereinbarung<\/span><\/td>\n<td><\/td>\n<\/tr>\n<\/tbody>\n<\/table>\n<p><strong>Telefonische Terminvereinbarung:<br \/>\n<\/strong><\/p>\n<table summary=\"Kontakt\" cellspacing=\"0\">\n<tbody>\n<tr>\n<td>Telefon:<\/td>\n<td>09221 \/ 87 462<\/td>\n<\/tr>\n<tr>\n<td>Fax:<\/td>\n<td>09221 \/ 87 81 20<\/td>\n<\/tr>\n<\/tbody>\n<\/table>\n<p style=\"text-align: justify;\">Bitte beachten Sie, dass in Zeiten zwischen 10 Uhr und 11:30 Uhr der meiste Patientenverkehr herrscht. Das gilt insbesondere f\u00fcr den Montag. G\u00fcnstige Zeiten zum Anrufen sind z.B.: Dienstag und Donnerstag Nachmittag.<\/p>\n<p>In dringenden F\u00e4llen erreichen Sie mich mobil oder hinterlassen eine Nachricht (SMS):\u00a0\u00a0 0171 \/ 45 22 153<\/p>\n<p>Meine Helferinnen bem\u00fchen sich, Ihnen den schnellst m\u00f6glichen Termin zu vermitteln. Auf Grund der begrenzten Kapazit\u00e4t meiner Praxis k\u00f6nnen jedoch l\u00e4ngere Wartezeiten auftreten. Ich bitte um Ihr Verst\u00e4ndnis.<\/p>\n<p style=\"text-align: justify;\">Bei Unf\u00e4llen, akuten Ereignissen, starken Schmerzen, Schwellungen, neu aufgetretenen Gef\u00fchlsst\u00f6rungen oder L\u00e4hmungen kommen Sie nat\u00fcrlich<span style=\"color: #000000;\"> direkt, ohne Termin.<\/span><\/p>\n<p style=\"text-align: justify;\"><strong>Spezialsprechstunden<br \/>\n<\/strong>f\u00fcr Selbstzahler, individuelle Gesundheitsleistungen (\u201eIGeL\u201c), Privatpatienten und Patienten, die bei ihrer gesetzlichen Krankenkasse die Kostenerstattung gew\u00e4hlt haben:<\/p>\n<table summary=\"Spezialsprechstunden\" cellspacing=\"0\">\n<tbody>\n<tr>\n<td>Montag:<\/td>\n<td>14:00 &#8211; 16:00 Uhr<\/td>\n<\/tr>\n<tr>\n<td>Donnerstag:<\/td>\n<td>08:30 \u2013 10:00 Uhr<\/td>\n<\/tr>\n<\/tbody>\n<\/table>\n<p style=\"text-align: justify;\">Bitte bringen Sie m\u00f6glichst alle <strong><span style=\"color: #008080;\">Voruntersuchungen, Krankenhausberichte, Reha-Berichte etc.\u00a0<\/span><\/strong>zum Termin mit. Anforderungen \u00fcber unsere Praxis dauern in der Regel Tage oder Wochen, so da\u00df ein neuer Termin f\u00fcr Sie vereinbart werden m\u00fc\u00dfte. Durch Sichtung der Vorbefunde k\u00f6nnen Doppeluntersuchungen vermieden werden. Auch eine Verlaufsbeurteilung ist nur bei Kenntnis der Vorbefunde m\u00f6glich. <span style=\"color: #008080;\">USB Sticks<\/span>, <span style=\"color: #008080;\">handbeschriftete CD-ROM <\/span><span style=\"color: #008080;\">und DVD<\/span> werden aus rechtlichen und sicherheits-technischen Gr\u00fcnden nicht eingelesen. Originalbeschriftete CD-ROM (DVD) nur in Au\u00dfnahmef\u00e4llen. Die Datentr\u00e4ger sind in der Regel <strong>nicht f\u00fcr die Befundung und nicht f\u00fcr diagnostische Zwecke<\/strong> geeignet. Es gen\u00fcgt aber in den meisten F\u00e4llen der schriftliche <span style=\"color: #008080;\">Befundbericht<\/span>, der bei jeder bildgebenden Diagnostik verbindlich erstellt werden mu\u00df.<\/p>\n","protected":false},"excerpt":{"rendered":"<p>Sprechzeiten: Montag\u00a0\u00a0\u00a0\u00a0\u00a0\u00a0\u00a0\u00a0\u00a0\u00a0 08:30 &#8211; 12:30 Uhr\u00a0 | 14:00 &#8211; 16:00 Uhr Dienstag\u00a0\u00a0\u00a0\u00a0\u00a0 \u00a0 08:30 &#8211; 12:30 Uhr\u00a0 | 16:00\u00a0 &#8211; 18:30 Uhr Mittwoch\u00a0\u00a0\u00a0\u00a0\u00a0\u00a0 08:30 &#8211; 13:00 Uhr Donnerstag\u00a0\u00a0\u00a0 08:30 &#8211; 12:30 Uhr\u00a0 |\u00a0 14:00 &#8211; 16:00 Uhr Freitag\u00a0\u00a0\u00a0\u00a0\u00a0\u00a0\u00a0\u00a0 \u00a0\u00a0 08:30 &hellip; <a href=\"http:\/\/orthopaedie-kulmbach.de\/?page_id=39\">Weiterlesen <span class=\"meta-nav\">&rarr;<\/span><\/a><\/p>\n","protected":false},"author":1,"featured_media":0,"parent":0,"menu_order":0,"comment_status":"closed","ping_status":"open","template":"","meta":[],"_links":{"self":[{"href":"http:\/\/orthopaedie-kulmbach.de\/index.php?rest_route=\/wp\/v2\/pages\/39"}],"collection":[{"href":"http:\/\/orthopaedie-kulmbach.de\/index.php?rest_route=\/wp\/v2\/pages"}],"about":[{"href":"http:\/\/orthopaedie-kulmbach.de\/index.php?rest_route=\/wp\/v2\/types\/page"}],"author":[{"embeddable":true,"href":"http:\/\/orthopaedie-kulmbach.de\/index.php?rest_route=\/wp\/v2\/users\/1"}],"replies":[{"embeddable":true,"href":"http:\/\/orthopaedie-kulmbach.de\/index.php?rest_route=%2Fwp%2Fv2%2Fcomments&post=39"}],"version-history":[{"count":24,"href":"http:\/\/orthopaedie-kulmbach.de\/index.php?rest_route=\/wp\/v2\/pages\/39\/revisions"}],"predecessor-version":[{"id":1269,"href":"http:\/\/orthopaedie-kulmbach.de\/index.php?rest_route=\/wp\/v2\/pages\/39\/revisions\/1269"}],"wp:attachment":[{"href":"http:\/\/orthopaedie-kulmbach.de\/index.php?rest_route=%2Fwp%2Fv2%2Fmedia&parent=39"}],"curies":[{"name":"wp","href":"https:\/\/api.w.org\/{rel}","templated":true}]}}